{"id":1103,"date":"2025-01-31T00:51:58","date_gmt":"2025-01-31T00:51:58","guid":{"rendered":"https:\/\/paoloaldea.com\/?page_id=1103"},"modified":"2025-03-20T15:01:53","modified_gmt":"2025-03-20T15:01:53","slug":"reconocimiento","status":"publish","type":"page","link":"https:\/\/paoloaldea.com\/?page_id=1103","title":{"rendered":"Testimonios"},"content":{"rendered":"\t\t<div data-elementor-type=\"wp-page\" data-elementor-id=\"1103\" class=\"elementor elementor-1103\" data-elementor-post-type=\"page\">\n\t\t\t\t<div class=\"elementor-element elementor-element-1ffc9f94 e-flex e-con-boxed e-con e-parent\" data-id=\"1ffc9f94\" data-element_type=\"container\" data-e-type=\"container\" data-settings=\"{&quot;background_background&quot;:&quot;classic&quot;}\">\n\t\t\t\t\t<div class=\"e-con-inner\">\n\t\t\t\t<div class=\"elementor-element elementor-element-605b3d5f elementor-invisible elementor-widget elementor-widget-heading\" data-id=\"605b3d5f\" data-element_type=\"widget\" data-e-type=\"widget\" data-settings=\"{&quot;_animation&quot;:&quot;slideInUp&quot;}\" data-widget_type=\"heading.default\">\n\t\t\t\t<div class=\"elementor-widget-container\">\n\t\t\t\t\t<h2 class=\"elementor-heading-title elementor-size-default\">Testimonios<\/h2>\t\t\t\t<\/div>\n\t\t\t\t<\/div>\n\t\t\t\t<div class=\"elementor-element elementor-element-6924f61f elementor-invisible elementor-widget elementor-widget-text-editor\" data-id=\"6924f61f\" data-element_type=\"widget\" data-e-type=\"widget\" data-settings=\"{&quot;_animation&quot;:&quot;slideInUp&quot;}\" data-widget_type=\"text-editor.default\">\n\t\t\t\t<div class=\"elementor-widget-container\">\n\t\t\t\t\t\t\t\t\t<p>Inicio\u00a0<\/p>\t\t\t\t\t\t\t\t<\/div>\n\t\t\t\t<\/div>\n\t\t\t\t\t<\/div>\n\t\t\t\t<\/div>\n\t\t<div class=\"elementor-element elementor-element-2bd8fc0d e-flex e-con-boxed e-con e-parent\" data-id=\"2bd8fc0d\" data-element_type=\"container\" data-e-type=\"container\">\n\t\t\t\t\t<div class=\"e-con-inner\">\n\t\t\t\t<div class=\"elementor-element elementor-element-26aea65 elementor-widget-divider--view-line elementor-widget elementor-widget-divider\" data-id=\"26aea65\" data-element_type=\"widget\" data-e-type=\"widget\" data-widget_type=\"divider.default\">\n\t\t\t\t<div class=\"elementor-widget-container\">\n\t\t\t\t\t\t\t<div class=\"elementor-divider\">\n\t\t\t<span class=\"elementor-divider-separator\">\n\t\t\t\t\t\t<\/span>\n\t\t<\/div>\n\t\t\t\t\t\t<\/div>\n\t\t\t\t<\/div>\n\t\t\t\t\t<\/div>\n\t\t\t\t<\/div>\n\t\t<div class=\"elementor-element elementor-element-dee77f2 e-flex e-con-boxed e-con e-parent\" data-id=\"dee77f2\" data-element_type=\"container\" data-e-type=\"container\">\n\t\t\t\t\t<div class=\"e-con-inner\">\n\t\t<div class=\"elementor-element elementor-element-f7a5733 e-con-full e-flex e-con e-child\" data-id=\"f7a5733\" data-element_type=\"container\" data-e-type=\"container\">\n\t\t<div class=\"elementor-element elementor-element-254c30a e-con-full e-flex e-con e-child\" data-id=\"254c30a\" data-element_type=\"container\" data-e-type=\"container\">\n\t\t\t\t<div class=\"elementor-element elementor-element-cc4fa97 elementor-widget__width-initial elementor-widget elementor-widget-text-editor\" data-id=\"cc4fa97\" data-element_type=\"widget\" data-e-type=\"widget\" data-widget_type=\"text-editor.default\">\n\t\t\t\t<div class=\"elementor-widget-container\">\n\t\t\t\t\t\t\t\t\t<p><em>Paolo Aldea es uno de los soportes acad\u00e9micos en el pa\u00eds y para las pr\u00f3ximas generaciones.<\/em><\/p>\t\t\t\t\t\t\t\t<\/div>\n\t\t\t\t<\/div>\n\t\t\t\t<div class=\"elementor-element elementor-element-144f531 elementor-position-left elementor-vertical-align-middle elementor-widget__width-initial elementor-widget elementor-widget-image-box\" data-id=\"144f531\" data-element_type=\"widget\" data-e-type=\"widget\" data-widget_type=\"image-box.default\">\n\t\t\t\t<div class=\"elementor-widget-container\">\n\t\t\t\t\t<div class=\"elementor-image-box-wrapper\"><figure class=\"elementor-image-box-img\"><img fetchpriority=\"high\" decoding=\"async\" width=\"1131\" height=\"1600\" src=\"https:\/\/paoloaldea.com\/wp-content\/uploads\/2025\/02\/GUIDO-BELLIDO-CONGRESISTA-DE-LA-REPUBLICA.jpg\" class=\"attachment-full size-full wp-image-1987\" alt=\"\" srcset=\"https:\/\/paoloaldea.com\/wp-content\/uploads\/2025\/02\/GUIDO-BELLIDO-CONGRESISTA-DE-LA-REPUBLICA.jpg 1131w, https:\/\/paoloaldea.com\/wp-content\/uploads\/2025\/02\/GUIDO-BELLIDO-CONGRESISTA-DE-LA-REPUBLICA-212x300.jpg 212w, https:\/\/paoloaldea.com\/wp-content\/uploads\/2025\/02\/GUIDO-BELLIDO-CONGRESISTA-DE-LA-REPUBLICA-724x1024.jpg 724w, https:\/\/paoloaldea.com\/wp-content\/uploads\/2025\/02\/GUIDO-BELLIDO-CONGRESISTA-DE-LA-REPUBLICA-768x1086.jpg 768w, https:\/\/paoloaldea.com\/wp-content\/uploads\/2025\/02\/GUIDO-BELLIDO-CONGRESISTA-DE-LA-REPUBLICA-1086x1536.jpg 1086w, https:\/\/paoloaldea.com\/wp-content\/uploads\/2025\/02\/elementor\/thumbs\/GUIDO-BELLIDO-CONGRESISTA-DE-LA-REPUBLICA-r1sgrk1n8c0kk4bouz438hza0obnq0kct4ctc2k8m2.jpg 74w\" sizes=\"(max-width: 1131px) 100vw, 1131px\" \/><\/figure><div class=\"elementor-image-box-content\"><h3 class=\"elementor-image-box-title\"><b>Guido Bellido Ugarte<\/b><\/h3><p class=\"elementor-image-box-description\">Congresista de la \nRep\u00fablica <\/p><\/div><\/div>\t\t\t\t<\/div>\n\t\t\t\t<\/div>\n\t\t\t\t<\/div>\n\t\t<div class=\"elementor-element elementor-element-4b967b9 e-con-full e-flex e-con e-child\" data-id=\"4b967b9\" data-element_type=\"container\" data-e-type=\"container\">\n\t\t\t\t<div class=\"elementor-element elementor-element-fa9eff2 elementor-widget__width-initial elementor-widget elementor-widget-text-editor\" data-id=\"fa9eff2\" data-element_type=\"widget\" data-e-type=\"widget\" data-widget_type=\"text-editor.default\">\n\t\t\t\t<div class=\"elementor-widget-container\">\n\t\t\t\t\t\t\t\t\t<p><em>Un Estudio jur\u00eddico con alta calidad humana y con una formaci\u00f3n profesional de primer nivel.<\/em><\/p>\t\t\t\t\t\t\t\t<\/div>\n\t\t\t\t<\/div>\n\t\t\t\t<div class=\"elementor-element elementor-element-2760e12 elementor-position-left elementor-widget__width-initial elementor-vertical-align-top elementor-widget elementor-widget-image-box\" data-id=\"2760e12\" data-element_type=\"widget\" data-e-type=\"widget\" data-widget_type=\"image-box.default\">\n\t\t\t\t<div class=\"elementor-widget-container\">\n\t\t\t\t\t<div class=\"elementor-image-box-wrapper\"><figure class=\"elementor-image-box-img\"><img decoding=\"async\" width=\"1080\" height=\"1080\" src=\"https:\/\/paoloaldea.com\/wp-content\/uploads\/2025\/02\/ALCALDE-JOSE-TARRILLO-NUNTON-1.png\" class=\"attachment-full size-full wp-image-2204\" alt=\"\" srcset=\"https:\/\/paoloaldea.com\/wp-content\/uploads\/2025\/02\/ALCALDE-JOSE-TARRILLO-NUNTON-1.png 1080w, https:\/\/paoloaldea.com\/wp-content\/uploads\/2025\/02\/ALCALDE-JOSE-TARRILLO-NUNTON-1-300x300.png 300w, https:\/\/paoloaldea.com\/wp-content\/uploads\/2025\/02\/ALCALDE-JOSE-TARRILLO-NUNTON-1-1024x1024.png 1024w, https:\/\/paoloaldea.com\/wp-content\/uploads\/2025\/02\/ALCALDE-JOSE-TARRILLO-NUNTON-1-150x150.png 150w, https:\/\/paoloaldea.com\/wp-content\/uploads\/2025\/02\/ALCALDE-JOSE-TARRILLO-NUNTON-1-768x768.png 768w, https:\/\/paoloaldea.com\/wp-content\/uploads\/2025\/02\/elementor\/thumbs\/ALCALDE-JOSE-TARRILLO-NUNTON-1-r1tb6i9gs1efntzrtlw0hkira8107eyrjiazcerox4.png 100w, https:\/\/paoloaldea.com\/wp-content\/uploads\/2025\/02\/elementor\/thumbs\/ALCALDE-JOSE-TARRILLO-NUNTON-1-r1tb6i9hzw6v9u5i8ir6lnd4bk8mv66hfaw5ht8wy8.png 200w\" sizes=\"(max-width: 1080px) 100vw, 1080px\" \/><\/figure><div class=\"elementor-image-box-content\"><h3 class=\"elementor-image-box-title\"><b>Jos\u00e9 Tarrillo Nunt\u00f3n<\/b><\/h3><p class=\"elementor-image-box-description\">Alcalde De Patapo<\/p><\/div><\/div>\t\t\t\t<\/div>\n\t\t\t\t<\/div>\n\t\t\t\t<\/div>\n\t\t\t\t<\/div>\n\t\t<div class=\"elementor-element elementor-element-6b52782 e-con-full e-flex e-con e-child\" data-id=\"6b52782\" data-element_type=\"container\" data-e-type=\"container\">\n\t\t<div class=\"elementor-element elementor-element-d897223 e-con-full e-flex e-con e-child\" data-id=\"d897223\" data-element_type=\"container\" data-e-type=\"container\">\n\t\t\t\t<div class=\"elementor-element elementor-element-6e0ce1b elementor-widget__width-initial elementor-widget elementor-widget-text-editor\" data-id=\"6e0ce1b\" data-element_type=\"widget\" data-e-type=\"widget\" data-widget_type=\"text-editor.default\">\n\t\t\t\t<div class=\"elementor-widget-container\">\n\t\t\t\t\t\t\t\t\t<p><em>Dr. Paolo Aldea, pese a su juventud, posee una amplia experiencia en el \u00e1mbito jur\u00eddico, habiendo ocupado cargos p\u00fablicos como magistrado y destac\u00e1ndose como capacitador en derecho. Lidera un equipo de j\u00f3venes especialistas que priorizan la justicia, brindando confianza y seguridad en su labor.<\/em><\/p>\t\t\t\t\t\t\t\t<\/div>\n\t\t\t\t<\/div>\n\t\t\t\t<div class=\"elementor-element elementor-element-14a1b54 elementor-position-left elementor-widget__width-initial elementor-vertical-align-middle elementor-widget elementor-widget-image-box\" data-id=\"14a1b54\" data-element_type=\"widget\" data-e-type=\"widget\" data-widget_type=\"image-box.default\">\n\t\t\t\t<div class=\"elementor-widget-container\">\n\t\t\t\t\t<div class=\"elementor-image-box-wrapper\"><figure class=\"elementor-image-box-img\"><img decoding=\"async\" width=\"322\" height=\"252\" src=\"https:\/\/paoloaldea.com\/wp-content\/uploads\/2025\/02\/Captura-de-pantalla-2025-02-20-105249.png\" class=\"attachment-full size-full wp-image-1991\" alt=\"\" srcset=\"https:\/\/paoloaldea.com\/wp-content\/uploads\/2025\/02\/Captura-de-pantalla-2025-02-20-105249.png 322w, https:\/\/paoloaldea.com\/wp-content\/uploads\/2025\/02\/Captura-de-pantalla-2025-02-20-105249-300x235.png 300w\" sizes=\"(max-width: 322px) 100vw, 322px\" \/><\/figure><div class=\"elementor-image-box-content\"><h3 class=\"elementor-image-box-title\"><b>Carlos Estremadoyro<\/b><\/h3><p class=\"elementor-image-box-description\">Ex Ministro MTC <\/p><\/div><\/div>\t\t\t\t<\/div>\n\t\t\t\t<\/div>\n\t\t\t\t<\/div>\n\t\t<div class=\"elementor-element elementor-element-875dfbf e-con-full e-flex e-con e-child\" data-id=\"875dfbf\" data-element_type=\"container\" data-e-type=\"container\">\n\t\t\t\t<div class=\"elementor-element elementor-element-730b5fc elementor-widget__width-initial elementor-widget elementor-widget-text-editor\" data-id=\"730b5fc\" data-element_type=\"widget\" data-e-type=\"widget\" data-widget_type=\"text-editor.default\">\n\t\t\t\t<div class=\"elementor-widget-container\">\n\t\t\t\t\t\t\t\t\t<p><em>Un Estudio jur\u00eddico con alta calidad humana y con una formaci\u00f3n profesional de primer nivel.<\/em><\/p>\t\t\t\t\t\t\t\t<\/div>\n\t\t\t\t<\/div>\n\t\t\t\t<div class=\"elementor-element elementor-element-c1cb3c6 elementor-position-left elementor-vertical-align-middle elementor-widget__width-initial elementor-widget elementor-widget-image-box\" data-id=\"c1cb3c6\" data-element_type=\"widget\" data-e-type=\"widget\" data-widget_type=\"image-box.default\">\n\t\t\t\t<div class=\"elementor-widget-container\">\n\t\t\t\t\t<div class=\"elementor-image-box-wrapper\"><figure class=\"elementor-image-box-img\"><img loading=\"lazy\" decoding=\"async\" width=\"380\" height=\"387\" src=\"https:\/\/paoloaldea.com\/wp-content\/uploads\/2025\/02\/Captura-de-pantalla-2025-02-20-191813.png\" class=\"attachment-full size-full wp-image-2129\" alt=\"\" srcset=\"https:\/\/paoloaldea.com\/wp-content\/uploads\/2025\/02\/Captura-de-pantalla-2025-02-20-191813.png 380w, https:\/\/paoloaldea.com\/wp-content\/uploads\/2025\/02\/Captura-de-pantalla-2025-02-20-191813-295x300.png 295w\" sizes=\"(max-width: 380px) 100vw, 380px\" \/><\/figure><div class=\"elementor-image-box-content\"><h3 class=\"elementor-image-box-title\"><b>Jorge Cuba Hidalgo<\/b><\/h3><p class=\"elementor-image-box-description\">Ex Viceministro \nde Comunicaciones <\/p><\/div><\/div>\t\t\t\t<\/div>\n\t\t\t\t<\/div>\n\t\t\t\t<\/div>\n\t\t\t\t<\/div>\n\t\t\t\t\t<\/div>\n\t\t\t\t<\/div>\n\t\t\t\t<\/div>\n\t\t","protected":false},"excerpt":{"rendered":"<p>Testimonios Inicio\u00a0 Testimonios de nuestros Clientes Paolo Aldea es uno de los soportes acad\u00e9micos en el pa\u00eds y para las pr\u00f3ximas generaciones. Guido Bellido Ugarte Congresista de la Rep\u00fablica Un Estudio jur\u00eddico con alta calidad humana y con una formaci\u00f3n profesional de primer nivel. Jos\u00e9 Tarrillo Nunt\u00f3n Alcalde De Patapo Dr. Paolo Aldea, pese a [&hellip;]<\/p>\n","protected":false},"author":1,"featured_media":0,"parent":0,"menu_order":0,"comment_status":"closed","ping_status":"closed","template":"","meta":{"_acf_changed":false,"_joinchat":[],"footnotes":""},"class_list":["post-1103","page","type-page","status-publish","hentry"],"acf":[],"_links":{"self":[{"href":"https:\/\/paoloaldea.com\/index.php?rest_route=\/wp\/v2\/pages\/1103","targetHints":{"allow":["GET"]}}],"collection":[{"href":"https:\/\/paoloaldea.com\/index.php?rest_route=\/wp\/v2\/pages"}],"about":[{"href":"https:\/\/paoloaldea.com\/index.php?rest_route=\/wp\/v2\/types\/page"}],"author":[{"embeddable":true,"href":"https:\/\/paoloaldea.com\/index.php?rest_route=\/wp\/v2\/users\/1"}],"replies":[{"embeddable":true,"href":"https:\/\/paoloaldea.com\/index.php?rest_route=%2Fwp%2Fv2%2Fcomments&post=1103"}],"version-history":[{"count":183,"href":"https:\/\/paoloaldea.com\/index.php?rest_route=\/wp\/v2\/pages\/1103\/revisions"}],"predecessor-version":[{"id":3296,"href":"https:\/\/paoloaldea.com\/index.php?rest_route=\/wp\/v2\/pages\/1103\/revisions\/3296"}],"wp:attachment":[{"href":"https:\/\/paoloaldea.com\/index.php?rest_route=%2Fwp%2Fv2%2Fmedia&parent=1103"}],"curies":[{"name":"wp","href":"https:\/\/api.w.org\/{rel}","templated":true}]}}